{"id":8049,"date":"2021-09-16T19:54:34","date_gmt":"2021-09-16T23:54:34","guid":{"rendered":"https:\/\/basilian.org\/?page_id=8049"},"modified":"2021-12-30T11:54:15","modified_gmt":"2021-12-30T16:54:15","slug":"bicentenario","status":"publish","type":"page","link":"https:\/\/basilian.org\/es\/bicentenario\/","title":{"rendered":"Bicentenario"},"content":{"rendered":"<div class=\"non-semantic-protector\">\n<h1 class=\"ribbon\"><strong class=\"ribbon-content\">BICENTENARIO \u2022 2022<\/strong><\/h1>\n<\/div>\n<p><iframe loading=\"lazy\" title=\"Historia de la Congregaci\u00f3n de San Basilio\" width=\"500\" height=\"281\" src=\"https:\/\/www.youtube.com\/embed\/eu35W1zAMs8?feature=oembed\" frameborder=\"0\" allow=\"accelerometer; autoplay; clipboard-write; encrypted-media; gyroscope; picture-in-picture\" allowfullscreen><\/iframe><\/p>\n<h2><span style=\"color: #f2da83;\">Celebrando 200 a\u00f1os de ense\u00f1ar y predicar la bondad, la disciplina, y la ciencia.<\/span><\/h2>\n<h3>En un contexto de terror y persecuci\u00f3n del clero tras la Revoluci\u00f3n Francesa, los primeros Basilianos se unen en su compromiso de proporcionar la educaci\u00f3n cristiana.<\/h3>\n<figure class=\"wp-block-image size-full\"><img decoding=\"async\" class=\"wp-image-7915\" src=\"https:\/\/basilian.org\/wp-content\/uploads\/2021\/09\/web-1892-St.-Basils-Novitiate-Toronto-ca1910.jpg\" alt=\"\" \/><figcaption>Noviciado de San Basilio, Toronto (ca. 1910)<\/figcaption><\/figure>\n<ul class=\"timeline\">\n<li style=\"list-style-type: none;\">\n<ul class=\"timeline\">\n<li class=\"timeline-item\"><span class=\"timeline-date\">1790<\/span><span class=\"timeline-content\"><br \/>\nLas \u00f3rdenes religiosas en Francia son abolidas y el clero se convierte en empleados del Estado y se le obliga a prestar un juramento de lealtad que anula la autoridad del Papa. Los que se niegan a jurar son enviados a la guillotina, en el periodo que se conocer\u00eda como el Reino del Terror. El padre Joseph Lapierre se retracta p\u00fablicamente su juramento y huye para evitar la detenci\u00f3n.<br \/>\n<\/span><\/li>\n<li class=\"timeline-item\"><span class=\"timeline-date\">1797<\/span><span class=\"timeline-content\"><br \/>\nEl arzobispo de Vienne le pide al padre Lapierre, que pas\u00f3 varios a\u00f1os en la clandestinidad, que abra un seminario secreto en el pueblo de Saint-Symphorien-de-Mahun, situado en el centro-norte de la regi\u00f3n francesa del Ard\u00e8che.<\/span><\/li>\n<li class=\"timeline-item\"><span class=\"timeline-date\">1802<\/span><span class=\"timeline-content\"><br \/>\n<img loading=\"lazy\" decoding=\"async\" class=\"wp-image-8138 alignright img-alt\" src=\"https:\/\/basilian.org\/wp-content\/uploads\/2021\/09\/1802-College-Prives-Sacre-Coeure-300x203.jpg\" alt=\"\" width=\"201\" height=\"136\" srcset=\"https:\/\/basilian.org\/wp-content\/uploads\/2021\/09\/1802-College-Prives-Sacre-Coeure-300x203.jpg 300w, https:\/\/basilian.org\/wp-content\/uploads\/2021\/09\/1802-College-Prives-Sacre-Coeure-1024x695.jpg 1024w, https:\/\/basilian.org\/wp-content\/uploads\/2021\/09\/1802-College-Prives-Sacre-Coeure-768x521.jpg 768w, https:\/\/basilian.org\/wp-content\/uploads\/2021\/09\/1802-College-Prives-Sacre-Coeure-1536x1042.jpg 1536w, https:\/\/basilian.org\/wp-content\/uploads\/2021\/09\/1802-College-Prives-Sacre-Coeure-2048x1389.jpg 2048w, https:\/\/basilian.org\/wp-content\/uploads\/2021\/09\/1802-College-Prives-Sacre-Coeure-700x475.jpg 700w\" sizes=\"(max-width: 201px) 100vw, 201px\" \/> La escuela se traslada a la ciudad cercana de Annonay, donde la poblaci\u00f3n puede sostener el futuro crecimiento del colegio.<\/span><\/li>\n<li class=\"timeline-item\"><span class=\"timeline-date\">1813<\/span><br \/>\n<span class=\"timeline-content\"><span class=\"timeline-content\">El Colegio sigue floreciendo y dos escuelas m\u00e1s abren sus puertas en Annonay: Ste. Barbe y Ste. Claire. A lo largo del siglo XIX, se abren m\u00e1s escuelas en la regi\u00f3n del Ard\u00e8che.<\/span><\/span><\/li>\n<li class=\"timeline-item\"><span class=\"timeline-date\">1822<\/span><span class=\"timeline-content\"><br \/>\nDiez sacerdotes, profesores del colegio de Annonay, presentan una petici\u00f3n al obispo de Viviers para ser reconocidos como Asociaci\u00f3n de Sacerdotes. Estos hombres se convertir\u00e1n en los padres fundadores de la Congregaci\u00f3n. El 21 de noviembre, en la fiesta de la Presentaci\u00f3n de la Sant\u00edsima Virgen Mar\u00eda, eligen al padre Lapierre como primer superior general y a San Basilio como patr\u00f3n de la orden. En 1863, el Papa P\u00edo IX elevar\u00e1 el estatus de la Asociaci\u00f3n a congregaci\u00f3n religiosa de votos simples.<br \/>\n<\/span><\/li>\n<li class=\"timeline-item\"><span class=\"timeline-date\">1850<\/span><span class=\"timeline-content\"><br \/>\nEl reci\u00e9n nombrado obispo de Toronto, Armand-Fran\u00e7ois-Marie de Charbonnel, un antiguo estudiante de los Basilianos en Annonay, ve la necesidad de educaci\u00f3n cat\u00f3lica entre las familias cat\u00f3licas irlandesas pobres en su di\u00f3cesis e invita a sus antiguos maestros a venir a Canad\u00e1. Los Basilianos mandan cuatro sacerdotes, un porcentaje significativo de su n\u00famero total de sacerdotes disponibles, para establecer una escuela en Toronto.<\/span><\/li>\n<li class=\"timeline-item\"><span class=\"timeline-date\">1852<\/span><span class=\"timeline-content\"><br \/>\nLos Basilianos abren el St. Michael&#8217;s College, que ofrece, al estilo franc\u00e9s, una combinaci\u00f3n de ense\u00f1anza secundaria y postsecundaria en Toronto.<\/span><\/li>\n<li class=\"timeline-item\"><span class=\"timeline-date\">1861<\/span><span class=\"timeline-content\"><br \/>\nEl primer Basiliano canadiense, quien era estudiante en el Colegio de San Miguel, el Padre Michael Ferguson, CSB, est\u00e1 ordenado el 23 de octubre. La comunidad basiliana en el Nuevo Mundo sigue creciendo.<\/span><\/li>\n<li class=\"timeline-item\"><span class=\"timeline-date\">1870<\/span><span class=\"timeline-content\"><span class=\"timeline-content\"><br \/>\n<img decoding=\"async\" class=\"wp-image-7915\" style=\"float: left; max-width: 180px;\" src=\"https:\/\/basilian.org\/wp-content\/uploads\/2021\/09\/image_1870.bmp\" alt=\"\" \/> Los Basilianos asumen formalmente la administraci\u00f3n del Colegio del Assumption College en Windsor, Ontario. Los Basilianos contin\u00faan estableciendo o dotando de personal a escuelas y parroquias en comunidades de Norteam\u00e9rica, incluyendo Owen Sound, Ontario (1863), Amherstburg, Ontario (1878), Detroit, Michigan (1886), Waco, Texas (1899), y Houston, Texas (1900).<\/span><\/span><\/li>\n<li class=\"timeline-item\"><span class=\"timeline-date\">1880<\/span><br \/>\n<span class=\"timeline-content\"> En Francia, los decretos anticlericales del gobierno cierran la mayor\u00eda de las escuelas religiosas, y las \u00f3rdenes religiosas se dispersan. La mayor\u00eda de los Basilianos se convierten en sacerdotes diocesanos en la di\u00f3cesis de Viviers.<\/span><\/li>\n<li class=\"timeline-item\"><span class=\"timeline-date\">1890<\/span><span class=\"timeline-content\"><br \/>\n<img loading=\"lazy\" decoding=\"async\" class=\"alignright img-alt wp-image-8178 size-thumbnail\" src=\"https:\/\/basilian.org\/wp-content\/uploads\/2021\/09\/web-1890-OConnor-Denis-150x150.jpg\" alt=\"\" width=\"150\" height=\"150\" srcset=\"https:\/\/basilian.org\/wp-content\/uploads\/2021\/09\/web-1890-OConnor-Denis-150x150.jpg 150w, https:\/\/basilian.org\/wp-content\/uploads\/2021\/09\/web-1890-OConnor-Denis-300x300.jpg 300w, https:\/\/basilian.org\/wp-content\/uploads\/2021\/09\/web-1890-OConnor-Denis-109x109.jpg 109w, https:\/\/basilian.org\/wp-content\/uploads\/2021\/09\/web-1890-OConnor-Denis-200x200.jpg 200w, https:\/\/basilian.org\/wp-content\/uploads\/2021\/09\/web-1890-OConnor-Denis-475x475.jpg 475w, https:\/\/basilian.org\/wp-content\/uploads\/2021\/09\/web-1890-OConnor-Denis.jpg 500w\" sizes=\"(max-width: 150px) 100vw, 150px\" \/> El Padre Denis O&#8217;Connor, CSB est\u00e1 nombrado Obispo de London, Ontario y luego en 1899, Arzobispo de Toronto, Ontario. Es el primer obispo basiliano.<\/span><\/li>\n<li class=\"timeline-item\"><span class=\"timeline-date\">1892<\/span><span class=\"timeline-content\"><br \/>\n<img decoding=\"async\" class=\"wp-image-1892\" style=\"float: left;\" src=\"https:\/\/basilian.org\/wp-content\/uploads\/2021\/09\/image_1892-1.bmp\" alt=\"1892\" width=\"180px\" \/>El Noviciado basiliano se traslada a Toronto en el lugar donde se construye la Iglesia Holy Rosary y posteriormente el Saint Michael\u2019s College. Es el \u00fanico noviciado norteamericano hasta 1942 cuando se establece un noviciado en Rochester, Nueva York.<\/span><\/li>\n<li class=\"timeline-item\"><span class=\"timeline-date\">1903<\/span><br \/>\n<span class=\"timeline-content\"> El gobierno republicano franc\u00e9s ordena la disoluci\u00f3n de todos los institutos religiosos. Unos pocos basilianos contin\u00faan trabajando en el Colegio de Annonay, pero la vida religiosa de la Congregaci\u00f3n en Francia se interrumpe durante veinte a\u00f1os.<\/span><\/li>\n<li class=\"timeline-item\"><span class=\"timeline-date\">1922<\/span><br \/>\n<span class=\"timeline-content\"> <img loading=\"lazy\" decoding=\"async\" class=\"wp-image-8150 alignleft img-alt\" src=\"https:\/\/basilian.org\/wp-content\/uploads\/2021\/09\/1922-General-Chapter-1922-copy-300x186.jpg\" alt=\"\" width=\"250\" height=\"155\" srcset=\"https:\/\/basilian.org\/wp-content\/uploads\/2021\/09\/1922-General-Chapter-1922-copy-300x186.jpg 300w, https:\/\/basilian.org\/wp-content\/uploads\/2021\/09\/1922-General-Chapter-1922-copy-1024x636.jpg 1024w, https:\/\/basilian.org\/wp-content\/uploads\/2021\/09\/1922-General-Chapter-1922-copy-768x477.jpg 768w, https:\/\/basilian.org\/wp-content\/uploads\/2021\/09\/1922-General-Chapter-1922-copy-1536x954.jpg 1536w, https:\/\/basilian.org\/wp-content\/uploads\/2021\/09\/1922-General-Chapter-1922-copy-2048x1272.jpg 2048w, https:\/\/basilian.org\/wp-content\/uploads\/2021\/09\/1922-General-Chapter-1922-copy-765x475.jpg 765w\" sizes=\"(max-width: 250px) 100vw, 250px\" \/>Tensiones, tanto can\u00f3nicas como pol\u00edticas, entre los consejeros basilianos de Norteam\u00e9rica y el liderazgo franc\u00e9s de la Congregaci\u00f3n resultan en un Decreto de Separaci\u00f3n amistos<strong>a<\/strong> en junio de 1922. El resultado es dos Congregaciones distintas: los Padres Basilianos de Toronto y los Padres Basilianos de Viviers. En 1955 la Congregaci\u00f3n celebra la reunificaci\u00f3n de los Basilianos franceses y norteamericanos.<\/span><\/li>\n<li class=\"timeline-item\"><span class=\"timeline-date\">1930<\/span><br \/>\n<span class=\"timeline-content\"><span class=\"timeline-content\"> <img loading=\"lazy\" decoding=\"async\" class=\"alignright img-alt wp-image-8152\" src=\"https:\/\/basilian.org\/wp-content\/uploads\/2021\/09\/1930-Henry-Carr-portrait-235x300.jpg\" alt=\"\" width=\"150\" height=\"191\" srcset=\"https:\/\/basilian.org\/wp-content\/uploads\/2021\/09\/1930-Henry-Carr-portrait-235x300.jpg 235w, https:\/\/basilian.org\/wp-content\/uploads\/2021\/09\/1930-Henry-Carr-portrait-803x1024.jpg 803w, https:\/\/basilian.org\/wp-content\/uploads\/2021\/09\/1930-Henry-Carr-portrait-768x980.jpg 768w, https:\/\/basilian.org\/wp-content\/uploads\/2021\/09\/1930-Henry-Carr-portrait-1204x1536.jpg 1204w, https:\/\/basilian.org\/wp-content\/uploads\/2021\/09\/1930-Henry-Carr-portrait-372x475.jpg 372w, https:\/\/basilian.org\/wp-content\/uploads\/2021\/09\/1930-Henry-Carr-portrait.jpg 1430w\" sizes=\"(max-width: 150px) 100vw, 150px\" \/> El padre Henry Carr, CSB, elegido Superior general de la Congregaci\u00f3n. Bajo su liderazgo como superior y presidente del St. Michael&#8217;s College de 1915 a 1925 y Superior general de la Congregaci\u00f3n de 1930 a 1942, toma muchas decisiones para asegurar el futuro de la educaci\u00f3n cat\u00f3lica en Canad\u00e1. Refuerza la afiliaci\u00f3n existente del St. Michael&#8217;s College con la Universidad de Toronto para convertirse en una universidad &#8220;federada&#8221; dentro de la universidad. Este modelo se adopt\u00f3 en universidades de Ontario, Manitoba, Saskatchewan y Columbia Brit\u00e1nica. En 1929, ayud\u00f3 a fundar el internacionalmente conocido Instituto Pontificio de Estudios Medievales de Toronto<\/span><\/span><span class=\"timeline-content\">.<\/span><\/li>\n<li class=\"timeline-item\"><span class=\"timeline-date\">1936<\/span><br \/>\n<span class=\"timeline-content\"> <img loading=\"lazy\" decoding=\"async\" class=\"alignleft img-alt wp-image-8154\" src=\"https:\/\/basilian.org\/wp-content\/uploads\/2021\/09\/web-Church-at-Allen-Farm-Texas-227x300.jpg\" alt=\"\" width=\"150\" height=\"198\" srcset=\"https:\/\/basilian.org\/wp-content\/uploads\/2021\/09\/web-Church-at-Allen-Farm-Texas-227x300.jpg 227w, https:\/\/basilian.org\/wp-content\/uploads\/2021\/09\/web-Church-at-Allen-Farm-Texas-359x475.jpg 359w, https:\/\/basilian.org\/wp-content\/uploads\/2021\/09\/web-Church-at-Allen-Farm-Texas.jpg 567w\" sizes=\"(max-width: 150px) 100vw, 150px\" \/> Los Basilianos comienzan a atender a los migrantes mexicanos y a los mexicanoamericanos en los pueblos alrededor de Houston, Texas. Los colegios basilianos en los Estados Unidos y Canad\u00e1 ayudan a este trabajo a trav\u00e9s de contribuciones financieras. Muchas de estas misiones se convierten en parroquias de pleno derecho en las di\u00f3cesis de Galveston-Houston y Victoria.<\/span><\/li>\n<li class=\"timeline-item\"><span class=\"timeline-date\">1939<\/span><br \/>\n<span class=\"timeline-content\"> <img loading=\"lazy\" decoding=\"async\" class=\"alignright img-alt wp-image-8156\" src=\"https:\/\/basilian.org\/wp-content\/uploads\/2021\/09\/web-hartmann-300x190.jpg\" alt=\"\" width=\"200\" height=\"127\" srcset=\"https:\/\/basilian.org\/wp-content\/uploads\/2021\/09\/web-hartmann-300x190.jpg 300w, https:\/\/basilian.org\/wp-content\/uploads\/2021\/09\/web-hartmann.jpg 450w\" sizes=\"(max-width: 200px) 100vw, 200px\" \/> Diez y siete Basilianos se ofrecen como voluntarios para servir en la Segunda Guerra Mundial, incluyendo cinco que sirven en el extranjero como capellanes militares, lo que representa una gran parte de los sacerdotes disponibles.<\/span><\/li>\n<li class=\"timeline-item\"><span class=\"timeline-date\">1961<\/span><br \/>\n<span class=\"timeline-content\"> <img loading=\"lazy\" decoding=\"async\" class=\"alignleft img-alt wp-image-8193\" src=\"https:\/\/basilian.org\/wp-content\/uploads\/2021\/09\/1961-Cardinal-Flahiff-portrait-239x300.jpg\" alt=\"\" width=\"160\" height=\"200\" srcset=\"https:\/\/basilian.org\/wp-content\/uploads\/2021\/09\/1961-Cardinal-Flahiff-portrait-239x300.jpg 239w, https:\/\/basilian.org\/wp-content\/uploads\/2021\/09\/1961-Cardinal-Flahiff-portrait-817x1024.jpg 817w, https:\/\/basilian.org\/wp-content\/uploads\/2021\/09\/1961-Cardinal-Flahiff-portrait-768x963.jpg 768w, https:\/\/basilian.org\/wp-content\/uploads\/2021\/09\/1961-Cardinal-Flahiff-portrait-1225x1536.jpg 1225w, https:\/\/basilian.org\/wp-content\/uploads\/2021\/09\/1961-Cardinal-Flahiff-portrait-379x475.jpg 379w, https:\/\/basilian.org\/wp-content\/uploads\/2021\/09\/1961-Cardinal-Flahiff-portrait.jpg 1455w\" sizes=\"(max-width: 160px) 100vw, 160px\" \/> El padre George Flahiff, CSB, que era superior general de la Congregaci\u00f3n desde 1954, es nombrado arzobispo de Winnipeg, Manitoba. Como uno de los Padres del Concilio Vaticano II, asiste a todas las sesiones de 1962 a 1965 y se dirige al Concilio una vez, hablando sobre el ecumenismo. Es nombrado miembro de la Comisi\u00f3n Preparatoria de la Vida Religiosa y contribuye al documento conciliar Perfectae Caritatis sobre la renovaci\u00f3n de la vida religiosa. El Papa Pablo VI le nombra cardenal en 1969 y asiste a los c\u00f3nclaves que eligen a los Papas Juan Pablo I y Juan Pablo II.<\/span><\/li>\n<li class=\"timeline-item\"><span class=\"timeline-date\">1961<\/span><br \/>\n<span class=\"timeline-content\"> <img loading=\"lazy\" decoding=\"async\" class=\"alignleft img-alt wp-image-8158\" src=\"https:\/\/basilian.org\/wp-content\/uploads\/2021\/09\/web-Fr.-Frank-Launtrie-Mexico-ca1962-300x208.jpg\" alt=\"\" width=\"200\" height=\"139\" srcset=\"https:\/\/basilian.org\/wp-content\/uploads\/2021\/09\/web-Fr.-Frank-Launtrie-Mexico-ca1962-300x208.jpg 300w, https:\/\/basilian.org\/wp-content\/uploads\/2021\/09\/web-Fr.-Frank-Launtrie-Mexico-ca1962-685x475.jpg 685w, https:\/\/basilian.org\/wp-content\/uploads\/2021\/09\/web-Fr.-Frank-Launtrie-Mexico-ca1962.jpg 750w\" sizes=\"(max-width: 200px) 100vw, 200px\" \/> Alentados por el llamado del Papa Juan XXIII a las comunidades religiosas para que env\u00eden a sus miembros a Am\u00e9rica Latina, los Basilianos ampl\u00edan su ministerio con los obreros migrantes mexicanos en el sur de Texas y establecieron un apostolado en M\u00e9xico. El Padre Francis Launtrie, CSB y el Padre Max Murphy, CSB son los primeros Basilianos enviados a trabajar en M\u00e9xico. Comienzan administrando la parroquia de San Juan Cris\u00f3stomo en el barrio de San Juan de Arag\u00f3n en la Ciudad de M\u00e9xico. En los primeros diez meses se producen m\u00e1s de 3.000 primeras comuniones y 657 bautismos entre 10.000 familias.<\/span><\/li>\n<li class=\"timeline-item\"><span class=\"timeline-date\">1964<\/span><span class=\"timeline-content\"><br \/>\n<img loading=\"lazy\" decoding=\"async\" class=\"alignright img-alt wp-image-8160\" src=\"https:\/\/basilian.org\/wp-content\/uploads\/2021\/09\/web-9.011.001-300x218.jpg\" alt=\"\" width=\"200\" height=\"146\" srcset=\"https:\/\/basilian.org\/wp-content\/uploads\/2021\/09\/web-9.011.001-300x218.jpg 300w, https:\/\/basilian.org\/wp-content\/uploads\/2021\/09\/web-9.011.001-652x475.jpg 652w, https:\/\/basilian.org\/wp-content\/uploads\/2021\/09\/web-9.011.001.jpg 750w\" sizes=\"(max-width: 200px) 100vw, 200px\" \/>El padre David Bauer, CSB, construye y entrena el equipo de hockey canadiense para los Juegos Ol\u00edmpicos de Invierno de 1964. Cuando estudiaba en el St. Michael&#8217;s College, Bauer era un jugador estrella de hockey, pero no se dedic\u00f3 a ello profesionalmente en favor de hacerse sacerdote. Sigue involucrado en el deporte a lo largo de su ministerio, entrenando a nivel amateur y profesional. Considera que el deporte es una forma de alimentarse f\u00edsicamente, pero tambi\u00e9n espiritualmente. En junio de 1967 recibe la Orden de Canad\u00e1 y en 1989 ingresa en el Sal\u00f3n de la Fama del Hockey de Toronto. <em>(Foto: Archivos del St. Michael&#8217;s College)<\/em>.\u00a0<\/span><\/li>\n<li class=\"timeline-item\"><span class=\"timeline-date\">1981<\/span><span class=\"timeline-content\"><br \/>\n<img loading=\"lazy\" decoding=\"async\" class=\"alignright img-alt wp-image-7812\" src=\"https:\/\/basilian.org\/wp-content\/uploads\/2021\/09\/image.png\" alt=\"\" width=\"200\" height=\"143\" \/>El Cap\u00edtulo General establece los Basilianos Laicos Asociados. Los BLAs son mujeres y hombres cat\u00f3licos llamados para apoyar el carisma Basiliano de comunidad y educaci\u00f3n en la misi\u00f3n de evangelizaci\u00f3n de la Iglesia. Como personas laicas sin votos, buscan responder m\u00e1s plenamente a su llamada bautismal a la santidad y al servicio mediante la asociaci\u00f3n formal con la Congregaci\u00f3n de San Basilio.<\/span><\/li>\n<li class=\"timeline-item\"><span class=\"timeline-date\">1982<\/span><br \/>\n<span class=\"timeline-content\"> <img loading=\"lazy\" decoding=\"async\" class=\"alignleft img-alt wp-image-8162\" src=\"https:\/\/basilian.org\/wp-content\/uploads\/2021\/09\/web-1982-ramirez-4-300x200.jpg\" alt=\"\" width=\"200\" height=\"133\" srcset=\"https:\/\/basilian.org\/wp-content\/uploads\/2021\/09\/web-1982-ramirez-4-300x200.jpg 300w, https:\/\/basilian.org\/wp-content\/uploads\/2021\/09\/web-1982-ramirez-4-713x475.jpg 713w, https:\/\/basilian.org\/wp-content\/uploads\/2021\/09\/web-1982-ramirez-4.jpg 750w\" sizes=\"(max-width: 200px) 100vw, 200px\" \/> Despu\u00e9s de servir como obispo auxiliar en San Antonio, Texas, Monse\u00f1or Ricardo Ram\u00edrez, CSB est\u00e1 nombrado primer obispo de Las Cruces, Nuevo M\u00e9xico, el 17 de agosto y est\u00e1 instalado formalmente el 18 de octubre. Como obispo, form\u00f3 parte de muchos comit\u00e9s de la Conferencia de Obispos Cat\u00f3licos de Estados Unidos y presidi\u00f3 el Comit\u00e9 sobre la Iglesia en Am\u00e9rica Latina. Sigue siendo obispo em\u00e9rito tras su dimisi\u00f3n en 2013 y defiende abiertamente a los marginados, especialmente en cuestiones de inmigraci\u00f3n. <em>(Foto: Di\u00f3cesis de Las Cruces)<\/em><\/span><\/li>\n<li class=\"timeline-item\"><span class=\"timeline-date\">1987<\/span><br \/>\n<span class=\"timeline-content\"> Los Basilianos acogen la idea de establecer otro proyecto en Am\u00e9rica Latina y est\u00e1n intrigados por la posibilidad de un proyecto de desarrollo humano en Colombia que combine la evangelizaci\u00f3n, la catequesis, la educaci\u00f3n y el desarrollo social y econ\u00f3mico. El grupo fundador de Basilianos llega a Colombia en julio para hacerse cargo de una parroquia con una escuela adjunta en Cali, Valle. Los Basilianos ampl\u00edan la fundaci\u00f3n original para ejercer su ministerio en Bogot\u00e1 y Medell\u00edn.<\/span><\/li>\n<li class=\"timeline-item\"><span class=\"timeline-date\">2002<\/span><br \/>\n<span class=\"timeline-content\"> El padre Ronald P. Fabbro, CSB, que era superior general de la Congregaci\u00f3n desde 1997, es nombrado d\u00e9cimo obispo de London, Ontario.<\/span><\/li>\n<li class=\"timeline-item\"><span class=\"timeline-date\">2002<\/span><br \/>\n<span class=\"timeline-content\"> Toronto, Ontario, da la bienvenida al Papa Juan Pablo II para la Jornada Mundial de la Juventud (JMJ). El padre Tom Rosica, CSB, y un grupo de j\u00f3venes adultos de todo Canad\u00e1 y del mundo preparan para el evento que atrae a m\u00e1s de 800.000 personas. El Santo Padre se aloja en Strawberry Island, la isla del retiro de verano de los Basilianos en el lago Simcoe, para descansar cinco d\u00edas antes del \u00faltimo fin de semana de las festividades de la JMJ. <em>(Fotos: WP Wittman Ltd.)<\/em><\/span><\/p>\n<ul class=\"sub-images\">\n<li class=\"sub-image-item\"><img loading=\"lazy\" decoding=\"async\" class=\"aligncenter wp-image-8168\" src=\"https:\/\/basilian.org\/wp-content\/uploads\/2021\/09\/2002-WYD-Y140004-300x297.jpg\" alt=\"\" width=\"202\" height=\"200\" srcset=\"https:\/\/basilian.org\/wp-content\/uploads\/2021\/09\/2002-WYD-Y140004-300x297.jpg 300w, https:\/\/basilian.org\/wp-content\/uploads\/2021\/09\/2002-WYD-Y140004-1024x1015.jpg 1024w, https:\/\/basilian.org\/wp-content\/uploads\/2021\/09\/2002-WYD-Y140004-150x150.jpg 150w, https:\/\/basilian.org\/wp-content\/uploads\/2021\/09\/2002-WYD-Y140004-768x761.jpg 768w, https:\/\/basilian.org\/wp-content\/uploads\/2021\/09\/2002-WYD-Y140004-109x109.jpg 109w, https:\/\/basilian.org\/wp-content\/uploads\/2021\/09\/2002-WYD-Y140004-1536x1522.jpg 1536w, https:\/\/basilian.org\/wp-content\/uploads\/2021\/09\/2002-WYD-Y140004-479x475.jpg 479w, https:\/\/basilian.org\/wp-content\/uploads\/2021\/09\/2002-WYD-Y140004.jpg 1841w\" sizes=\"(max-width: 202px) 100vw, 202px\" \/><\/li>\n<li class=\"sub-image-item\"><img loading=\"lazy\" decoding=\"async\" class=\"aligncenter wp-image-8164\" src=\"https:\/\/basilian.org\/wp-content\/uploads\/2021\/09\/2002-WYD-scan0019d-216x300.jpg\" alt=\"\" width=\"144\" height=\"200\" srcset=\"https:\/\/basilian.org\/wp-content\/uploads\/2021\/09\/2002-WYD-scan0019d-216x300.jpg 216w, https:\/\/basilian.org\/wp-content\/uploads\/2021\/09\/2002-WYD-scan0019d-737x1024.jpg 737w, https:\/\/basilian.org\/wp-content\/uploads\/2021\/09\/2002-WYD-scan0019d-768x1068.jpg 768w, https:\/\/basilian.org\/wp-content\/uploads\/2021\/09\/2002-WYD-scan0019d-1105x1536.jpg 1105w, https:\/\/basilian.org\/wp-content\/uploads\/2021\/09\/2002-WYD-scan0019d-342x475.jpg 342w, https:\/\/basilian.org\/wp-content\/uploads\/2021\/09\/2002-WYD-scan0019d.jpg 1312w\" sizes=\"(max-width: 144px) 100vw, 144px\" \/><\/li>\n<li class=\"sub-image-item\"><img loading=\"lazy\" decoding=\"async\" class=\"aligncenter wp-image-8166\" src=\"https:\/\/basilian.org\/wp-content\/uploads\/2021\/09\/2002-WYD-Y109010d-300x225.jpg\" alt=\"\" width=\"267\" height=\"200\" srcset=\"https:\/\/basilian.org\/wp-content\/uploads\/2021\/09\/2002-WYD-Y109010d-300x225.jpg 300w, https:\/\/basilian.org\/wp-content\/uploads\/2021\/09\/2002-WYD-Y109010d-1024x768.jpg 1024w, https:\/\/basilian.org\/wp-content\/uploads\/2021\/09\/2002-WYD-Y109010d-768x576.jpg 768w, https:\/\/basilian.org\/wp-content\/uploads\/2021\/09\/2002-WYD-Y109010d-1536x1152.jpg 1536w, https:\/\/basilian.org\/wp-content\/uploads\/2021\/09\/2002-WYD-Y109010d-2048x1536.jpg 2048w, https:\/\/basilian.org\/wp-content\/uploads\/2021\/09\/2002-WYD-Y109010d-633x475.jpg 633w\" sizes=\"(max-width: 267px) 100vw, 267px\" \/><\/li>\n<\/ul>\n<\/li>\n<li class=\"timeline-item\"><span class=\"timeline-date\">2004<\/span><br \/>\n<span class=\"timeline-content\"> <img decoding=\"async\" class=\"wp-image-8021\" style=\"float: left;\" src=\"https:\/\/basilian.org\/wp-content\/uploads\/2021\/09\/image_2004.bmp\" alt=\"Basilian Lay Associates\" \/> Un gran contingente de Basilianos viaja a Roma para la ordenaci\u00f3n episcopal del padre J. Michael Miller, CSB. Est\u00e1 nombrado Arzobispo Secretario de la Congregaci\u00f3n para la Educaci\u00f3n Cat\u00f3lica. En 2007 est\u00e1 nombrado arzobispo coadjutor de Vancouver, donde sucede al arzobispo Roussin en 2009.<\/span><\/li>\n<li class=\"timeline-item\"><span class=\"timeline-date\">2014<\/span><br \/>\n<span class=\"timeline-content\"> <img loading=\"lazy\" decoding=\"async\" class=\"alignright img-alt wp-image-8170\" src=\"https:\/\/basilian.org\/wp-content\/uploads\/2021\/09\/2014-sth-smcs-basil-bowl-18-300x200.jpg\" alt=\"\" width=\"200\" height=\"133\" srcset=\"https:\/\/basilian.org\/wp-content\/uploads\/2021\/09\/2014-sth-smcs-basil-bowl-18-300x200.jpg 300w, https:\/\/basilian.org\/wp-content\/uploads\/2021\/09\/2014-sth-smcs-basil-bowl-18-1024x683.jpg 1024w, https:\/\/basilian.org\/wp-content\/uploads\/2021\/09\/2014-sth-smcs-basil-bowl-18-768x512.jpg 768w, https:\/\/basilian.org\/wp-content\/uploads\/2021\/09\/2014-sth-smcs-basil-bowl-18-1536x1024.jpg 1536w, https:\/\/basilian.org\/wp-content\/uploads\/2021\/09\/2014-sth-smcs-basil-bowl-18-2048x1365.jpg 2048w, https:\/\/basilian.org\/wp-content\/uploads\/2021\/09\/2014-sth-smcs-basil-bowl-18-713x475.jpg 713w\" sizes=\"(max-width: 200px) 100vw, 200px\" \/> El Basil Bowl se establece oficialmente para fomentar el esp\u00edritu de hermandad entre los estudiantes de los colegios basilianos a trav\u00e9s del deporte. Un equipo escolar recibe a sus hom\u00f3logos de otro colegio basiliano durante un fin de semana, y los estudiantes se conocen compartiendo comidas, celebrando la misa y participando en una competici\u00f3n deportiva amistosa. Las actividades del Basil Bowl se han ampliado m\u00e1s all\u00e1 del deporte para unir a los estudiantes a trav\u00e9s de la m\u00fasica y de diferentes clubes.<\/span><\/li>\n<li class=\"timeline-item\"><span class=\"timeline-date\">2015<\/span><br \/>\n<span class=\"timeline-content\"> <img loading=\"lazy\" decoding=\"async\" class=\"alignleft img-alt wp-image-8172 size-thumbnail\" src=\"https:\/\/basilian.org\/wp-content\/uploads\/2021\/09\/web-2015-DSC_0467-150x150.jpg\" alt=\"\" width=\"150\" height=\"150\" srcset=\"https:\/\/basilian.org\/wp-content\/uploads\/2021\/09\/web-2015-DSC_0467-150x150.jpg 150w, https:\/\/basilian.org\/wp-content\/uploads\/2021\/09\/web-2015-DSC_0467-300x300.jpg 300w, https:\/\/basilian.org\/wp-content\/uploads\/2021\/09\/web-2015-DSC_0467-109x109.jpg 109w, https:\/\/basilian.org\/wp-content\/uploads\/2021\/09\/web-2015-DSC_0467-200x200.jpg 200w, https:\/\/basilian.org\/wp-content\/uploads\/2021\/09\/web-2015-DSC_0467-475x475.jpg 475w, https:\/\/basilian.org\/wp-content\/uploads\/2021\/09\/web-2015-DSC_0467.jpg 750w\" sizes=\"(max-width: 150px) 100vw, 150px\" \/> St. Michael&#8217;s College School acoge la Conferencia inaugural de la Red Basiliana de Educaci\u00f3n y Nueva Evangelizaci\u00f3n (BNENE) en julio de 2015. La Congregaci\u00f3n de San Basilio estableci\u00f3 la BNENE para reunir a diferentes comunidades escolares que est\u00e1n bajo la responsabilidad de los Padres Basilianos en una misi\u00f3n com\u00fan de comprometerse con la formaci\u00f3n permanente y promover un enfoque basiliano de la educaci\u00f3n dentro de sus escuelas.<\/span><\/li>\n<li class=\"timeline-item\"><span class=\"timeline-date\">2016<\/span><br \/>\n<span class=\"timeline-content\"> <img loading=\"lazy\" decoding=\"async\" class=\"alignright img-alt wp-image-8174\" src=\"https:\/\/basilian.org\/wp-content\/uploads\/2021\/09\/2016-BishopKasun-120-300x200.jpg\" alt=\"\" width=\"200\" height=\"134\" srcset=\"https:\/\/basilian.org\/wp-content\/uploads\/2021\/09\/2016-BishopKasun-120-300x200.jpg 300w, https:\/\/basilian.org\/wp-content\/uploads\/2021\/09\/2016-BishopKasun-120-1024x684.jpg 1024w, https:\/\/basilian.org\/wp-content\/uploads\/2021\/09\/2016-BishopKasun-120-768x513.jpg 768w, https:\/\/basilian.org\/wp-content\/uploads\/2021\/09\/2016-BishopKasun-120-1536x1025.jpg 1536w, https:\/\/basilian.org\/wp-content\/uploads\/2021\/09\/2016-BishopKasun-120-2048x1367.jpg 2048w, https:\/\/basilian.org\/wp-content\/uploads\/2021\/09\/2016-BishopKasun-120-712x475.jpg 712w\" sizes=\"(max-width: 200px) 100vw, 200px\" \/> El Papa Francisco nombra al Padre Robert Kasun, CSB como obispo auxiliar de la Arquidi\u00f3cesis de Toronto el 17 de junio. La ordenaci\u00f3n episcopal tiene lugar el 12 de septiembre en la Bas\u00edlica de San Jos\u00e9 en Edmonton, Alberta. <em>(Foto: Lito Soco\/La Arquidi\u00f3cesis Cat\u00f3lica de Edmonton)<\/em><\/span><\/li>\n<li class=\"timeline-item\"><span class=\"timeline-date\">2020<\/span><br \/>\n<span class=\"timeline-content\"><span class=\"timeline-content\"> <img loading=\"lazy\" decoding=\"async\" class=\"alignright img-alt wp-image-8176\" src=\"https:\/\/basilian.org\/wp-content\/uploads\/2021\/09\/2020-20200609_085522-1-300x225.jpg\" alt=\"\" width=\"200\" height=\"150\" srcset=\"https:\/\/basilian.org\/wp-content\/uploads\/2021\/09\/2020-20200609_085522-1-300x225.jpg 300w, https:\/\/basilian.org\/wp-content\/uploads\/2021\/09\/2020-20200609_085522-1-1024x768.jpg 1024w, https:\/\/basilian.org\/wp-content\/uploads\/2021\/09\/2020-20200609_085522-1-768x576.jpg 768w, https:\/\/basilian.org\/wp-content\/uploads\/2021\/09\/2020-20200609_085522-1-1536x1152.jpg 1536w, https:\/\/basilian.org\/wp-content\/uploads\/2021\/09\/2020-20200609_085522-1-2048x1536.jpg 2048w, https:\/\/basilian.org\/wp-content\/uploads\/2021\/09\/2020-20200609_085522-1-633x475.jpg 633w\" sizes=\"(max-width: 200px) 100vw, 200px\" \/> La pandemia del COVID rige todas las facetas de la vida. En aras de la seguridad p\u00fablica, las escuelas basilianas se adaptan r\u00e1pidamente para ofrecer sus planes de estudio en l\u00ednea. Los equipos pastorales de las parroquias basilianas experimentan con la tecnolog\u00eda y exploran nuevas formas de seguir acercando a sus comunidades.<\/span><\/span><\/li>\n<\/ul>\n<p style=\"text-align: center;\">Por favor, ay\u00fadanos a continuar la misi\u00f3n de nuestros fundadores. Los Basilianos est\u00e1n buscando a j\u00f3venes que sientan un posible llamado de Dios para que ofrezcan los talentos que les ha concedido para servir a su Pueblo y hacer una diferencia en el mundo de hoy.\u00a0 Por favor, reza por las vocaciones a la vida basiliana.\u00a0 A los hombres j\u00f3venes que puedan estar interesados, les invitamos a discernir si Dios te llama a servir a su Pueblo como Basiliano. Visita<span style=\"color: #a58c08;\"><br \/>\n<a href=\"https:\/\/basilian.org\/es\/vocaciones\/unase-a-nosotros\/\">basilian.org\/vocaciones<\/a><br \/>\n<\/span> para obtener m\u00e1s informaci\u00f3n.<\/p>\n<hr \/>\n<h3>Agradecimientos<\/h3>\n<p>Fotos por cortes\u00eda de los Archivos de la Archidi\u00f3cesis Cat\u00f3lica Romana de Toronto; Di\u00f3cesis de Las Cruces, Di\u00f3cesis de Londres, Archivos Generales de los Padres Basilianos, Lito Soco y La Archidi\u00f3cesis Cat\u00f3lica de Edmonton, WP Wittman Ltd., Vatican Media<\/p>\n<pre><style type=\"text\/css\"><!-- p, h2,h3, h4 ,h5, .timeline-content, ul li span.timeline-content,.ribbon-content{font-family: ITC Franklin Gothic,Arial,sans-serif;} .timeline-content, p, ul li span.timeline-content{color:#c1b387;font-size:22px;margin-left:16px;line-height:32px;font-weight: 200 !important; padding-top:0; padding-bottom:1em; vertical-align: top;} h2{ width:99%; text-align: center; margin-right: auto; margin-left: auto; font-family: \"ITC Franklin Gothic\"; font-size: 56px; font-weight: 100!important; line-height: 64px; color: #a58c08;} h3{color: #cccaca;font-family: \"ITC Franklin Gothic\";font-size:36px;text-align: center;margin-top:2em;} #main{background: #481424;} figcaption { color: #fff;background-color:unset; } br{margin-top:0;} .mb-4.text-center{display: none !important;} .wp-block-image{text-align: center;} .timeline-date, .timeline-date{ color: #C699A0; font-family: serif, sans-serif; font-weight: 100; font-size: 36pt; text-align: left; width:100%;} .ribbon { width: 37%; position: relative; background: #ab7a32; color: #fff; text-align: center; font-family: ITC Franklin Gothic,Arial,sans-serif; padding: .5em 1em; margin: 1em auto 1.5em; } h3 { color: #c1b387;} hr{ margin-top: 1rem; margin-bottom: 1rem; border: 0; border-top: 1px solid rgb(191 153 38); overflow: auto; } ul li{list-style-type:none;} .ribbon-content{ font-size: 1.8rem; font-family: serif !important;} .ribbon:before, .ribbon:after { content: \"\"; position: absolute; display: block; bottom: -.5em; border: 1em solid #905908; z-index: -1; } .ribbon:before { left: -1.5em; border-right-width: 1em; border-left-color: transparent; } .ribbon:after { right: -1.5em; border-left-width: 1em; border-right-color: transparent; } .ribbon .ribbon-content:before, .ribbon .ribbon-content:after { content: \"\"; position: absolute; display: block; border-style: solid; border-color: #805311 transparent transparent transparent; bottom: -.5em; } .ribbon .ribbon-content:before { left: 0; border-width: .5em 0 0 .5em; } .ribbon .ribbon-content:after { right: 0; border-width: .5em .5em 0 0; } .non-semantic-protector { position: relative; z-index: 1; } img{margin-right:10px;margin-left:10px;} table{ border-collapse:collapse; padding:0; margin:0; } ul li span.timeline-date{width:15%;} .timeline-content-images-1{text-align:center;} .timeline-content-images-1 img{margin:20px;}table td.timeline-content, table td.timeline-content, table span.timeline-date, ul li span.timeline-date{padding-bottom:8px;} ul li span.timeline-content{padding-bottom:0px;} li.sub-images{padding-bottom: 2em;padding-top: 1em;} ul li span.timeline-date{\/*border-bottom: 1px solid rgb(191 153 38);*\/ margin-bottom:8px;} @media screen and (min-width: 990px){ .container.py-5 .row .col-12 p iframe{min-height:580px;} ul.sub-images{ width:100%; } li.sub-image-item{width: 33%; vertical-align: top; padding-top: 6px; float:left; margin-bottom: 1em;} li.timeline-item{clear:both;padding-top: 2rem;} img.img-lg{max-width:320px;float:left;} .timeline-content float-right{float:right;} .timeline-content float-left{float:left;} .img-md{max-height: 160px; height: auto;} .img-sm{max-height: 140px; height: auto;} .timeline-content, p, ul li span.timeline-content {margin-left: 0;} } @media screen and (max-width: 480px) { .ribbon { font-size: 1.4rem; width: 80%; } h2{ width:100%; text-align: center; margin-right: auto; margin-left: auto; font-family: \"ITC Franklin Gothic\"; font-size: 48px; font-weight: 100!important; line-height: 54px; color: #a58c08;} h3{color: #cccaca;font-family: \"ITC Franklin Gothic\";font-size:24px;text-align: center;margin-top:1em;} img {max-width: 94%; float: none; clear: both; margin-right: auto; margin-left: auto; padding-right: 5px;} img.alignleft, img.alignright {clear: both; float:none !important; overflow: auto;} .timeline-content{margin-left:0;font-size: 20px;line-height:28px;} ul.timeline{padding-left: 2%;} ul li span.timeline-date{width:100%; } .sub-images{width:100%;clear:both;} .sub-image-item{width: 85%; text-align: center; vertical-align: top; padding-top: 6px;} .timeline-content, p { margin-left: 0;color: #c1b387;font-size: 23px;line-height: 27px;} .ribbon-content { font-size: 16px; } .timeline-content, p, ul li span.timeline-content {font-size: 22px; margin-left: 0px;} .py-5 {padding-top: 0 !important;} .img-alt{margin: 0 !important; padding: 0 !important; width: 100%!important; height:auto;} } @media screen and (min-width: 480px) and (max-width: 989px){ ul.sub-images{width:100%;clear:both;} li.sub-image-item{width: 33%; vertical-align: top; padding-top: 6px; text-align: center; margin-right: auto; margin-left: auto; clear: both; margin-bottom: 1em;} li.sub-image-item img{max-width: 250px; height: auto;} li.timeline-item{ clear: both; padding-top: 2rem;}} --> <\/style>\r\n<\/pre>\n<p>&nbsp;<\/p>\n<p>&nbsp;<\/li>\n<\/ul>\n","protected":false},"excerpt":{"rendered":"<p>BICENTENARIO \u2022 2022 Celebrando 200 a\u00f1os de ense\u00f1ar y predicar la bondad, la disciplina, y la ciencia. En un contexto de terror y persecuci\u00f3n del clero tras la Revoluci\u00f3n Francesa, [&hellip;]<\/p>\n","protected":false},"author":272,"featured_media":0,"parent":0,"menu_order":0,"comment_status":"closed","ping_status":"closed","template":"","meta":{"_bbp_topic_count":0,"_bbp_reply_count":0,"_bbp_total_topic_count":0,"_bbp_total_reply_count":0,"_bbp_voice_count":0,"_bbp_anonymous_reply_count":0,"_bbp_topic_count_hidden":0,"_bbp_reply_count_hidden":0,"_bbp_forum_subforum_count":0,"_uag_custom_page_level_css":"","footnotes":""},"acf":[],"yoast_head":"<!-- This site is optimized with the Yoast SEO plugin v20.3 - https:\/\/yoast.com\/wordpress\/plugins\/seo\/ -->\n<title>Bicentenario - Padres Basilianos - Congregaci\u00f3n de San Basilio<\/title>\n<meta name=\"robots\" content=\"index, follow, max-snippet:-1, max-image-preview:large, max-video-preview:-1\" \/>\n<link rel=\"canonical\" href=\"https:\/\/basilian.org\/es\/bicentenario\/\" \/>\n<meta property=\"og:locale\" content=\"es_MX\" \/>\n<meta property=\"og:type\" content=\"article\" \/>\n<meta property=\"og:title\" content=\"Bicentenario - Padres Basilianos - Congregaci\u00f3n de San Basilio\" \/>\n<meta property=\"og:description\" content=\"BICENTENARIO \u2022 2022 Celebrando 200 a\u00f1os de ense\u00f1ar y predicar la bondad, la disciplina, y la ciencia. En un contexto de terror y persecuci\u00f3n del clero tras la Revoluci\u00f3n Francesa, [&hellip;]\" \/>\n<meta property=\"og:url\" content=\"https:\/\/basilian.org\/es\/bicentenario\/\" \/>\n<meta property=\"og:site_name\" content=\"Padres Basilianos\" \/>\n<meta property=\"article:modified_time\" content=\"2021-12-30T16:54:15+00:00\" \/>\n<meta property=\"og:image\" content=\"https:\/\/basilian.org\/wp-content\/uploads\/2021\/09\/web-1892-St.-Basils-Novitiate-Toronto-ca1910.jpg\" \/>\n<meta name=\"twitter:card\" content=\"summary_large_image\" \/>\n<meta name=\"twitter:label1\" content=\"Tiempo de lectura\" \/>\n\t<meta name=\"twitter:data1\" content=\"13 minutos\" \/>\n<script type=\"application\/ld+json\" class=\"yoast-schema-graph\">{\"@context\":\"https:\/\/schema.org\",\"@graph\":[{\"@type\":\"WebPage\",\"@id\":\"https:\/\/basilian.org\/es\/bicentenario\/\",\"url\":\"https:\/\/basilian.org\/es\/bicentenario\/\",\"name\":\"Bicentenario - Padres Basilianos - Congregaci\u00f3n de San Basilio\",\"isPartOf\":{\"@id\":\"https:\/\/basilian.org\/es\/#website\"},\"datePublished\":\"2021-09-16T23:54:34+00:00\",\"dateModified\":\"2021-12-30T16:54:15+00:00\",\"breadcrumb\":{\"@id\":\"https:\/\/basilian.org\/es\/bicentenario\/#breadcrumb\"},\"inLanguage\":\"es-MX\",\"potentialAction\":[{\"@type\":\"ReadAction\",\"target\":[\"https:\/\/basilian.org\/es\/bicentenario\/\"]}]},{\"@type\":\"BreadcrumbList\",\"@id\":\"https:\/\/basilian.org\/es\/bicentenario\/#breadcrumb\",\"itemListElement\":[{\"@type\":\"ListItem\",\"position\":1,\"name\":\"Home\",\"item\":\"https:\/\/basilian.org\/es\/\"},{\"@type\":\"ListItem\",\"position\":2,\"name\":\"Bicentenario\"}]},{\"@type\":\"WebSite\",\"@id\":\"https:\/\/basilian.org\/es\/#website\",\"url\":\"https:\/\/basilian.org\/es\/\",\"name\":\"Padres Basilianos\",\"description\":\"Congregaci\u00f3n de San Basilio\",\"publisher\":{\"@id\":\"https:\/\/basilian.org\/es\/#organization\"},\"potentialAction\":[{\"@type\":\"SearchAction\",\"target\":{\"@type\":\"EntryPoint\",\"urlTemplate\":\"https:\/\/basilian.org\/es\/?s={search_term_string}\"},\"query-input\":\"required name=search_term_string\"}],\"inLanguage\":\"es-MX\"},{\"@type\":\"Organization\",\"@id\":\"https:\/\/basilian.org\/es\/#organization\",\"name\":\"Congregation of St. Basil\",\"url\":\"https:\/\/basilian.org\/es\/\",\"logo\":{\"@type\":\"ImageObject\",\"inLanguage\":\"es-MX\",\"@id\":\"https:\/\/basilian.org\/es\/#\/schema\/logo\/image\/\",\"url\":\"https:\/\/basilian.org\/wp-content\/uploads\/2020\/08\/basilian-crest-new2.png\",\"contentUrl\":\"https:\/\/basilian.org\/wp-content\/uploads\/2020\/08\/basilian-crest-new2.png\",\"width\":250,\"height\":250,\"caption\":\"Congregation of St. Basil\"},\"image\":{\"@id\":\"https:\/\/basilian.org\/es\/#\/schema\/logo\/image\/\"}}]}<\/script>\n<!-- \/ Yoast SEO plugin. -->","yoast_head_json":{"title":"Bicentenario - Padres Basilianos - Congregaci\u00f3n de San Basilio","robots":{"index":"index","follow":"follow","max-snippet":"max-snippet:-1","max-image-preview":"max-image-preview:large","max-video-preview":"max-video-preview:-1"},"canonical":"https:\/\/basilian.org\/es\/bicentenario\/","og_locale":"es_MX","og_type":"article","og_title":"Bicentenario - Padres Basilianos - Congregaci\u00f3n de San Basilio","og_description":"BICENTENARIO \u2022 2022 Celebrando 200 a\u00f1os de ense\u00f1ar y predicar la bondad, la disciplina, y la ciencia. En un contexto de terror y persecuci\u00f3n del clero tras la Revoluci\u00f3n Francesa, [&hellip;]","og_url":"https:\/\/basilian.org\/es\/bicentenario\/","og_site_name":"Padres Basilianos","article_modified_time":"2021-12-30T16:54:15+00:00","og_image":[{"url":"https:\/\/basilian.org\/wp-content\/uploads\/2021\/09\/web-1892-St.-Basils-Novitiate-Toronto-ca1910.jpg"}],"twitter_card":"summary_large_image","twitter_misc":{"Tiempo de lectura":"13 minutos"},"schema":{"@context":"https:\/\/schema.org","@graph":[{"@type":"WebPage","@id":"https:\/\/basilian.org\/es\/bicentenario\/","url":"https:\/\/basilian.org\/es\/bicentenario\/","name":"Bicentenario - Padres Basilianos - Congregaci\u00f3n de San Basilio","isPartOf":{"@id":"https:\/\/basilian.org\/es\/#website"},"datePublished":"2021-09-16T23:54:34+00:00","dateModified":"2021-12-30T16:54:15+00:00","breadcrumb":{"@id":"https:\/\/basilian.org\/es\/bicentenario\/#breadcrumb"},"inLanguage":"es-MX","potentialAction":[{"@type":"ReadAction","target":["https:\/\/basilian.org\/es\/bicentenario\/"]}]},{"@type":"BreadcrumbList","@id":"https:\/\/basilian.org\/es\/bicentenario\/#breadcrumb","itemListElement":[{"@type":"ListItem","position":1,"name":"Home","item":"https:\/\/basilian.org\/es\/"},{"@type":"ListItem","position":2,"name":"Bicentenario"}]},{"@type":"WebSite","@id":"https:\/\/basilian.org\/es\/#website","url":"https:\/\/basilian.org\/es\/","name":"Padres Basilianos","description":"Congregaci\u00f3n de San Basilio","publisher":{"@id":"https:\/\/basilian.org\/es\/#organization"},"potentialAction":[{"@type":"SearchAction","target":{"@type":"EntryPoint","urlTemplate":"https:\/\/basilian.org\/es\/?s={search_term_string}"},"query-input":"required name=search_term_string"}],"inLanguage":"es-MX"},{"@type":"Organization","@id":"https:\/\/basilian.org\/es\/#organization","name":"Congregation of St. Basil","url":"https:\/\/basilian.org\/es\/","logo":{"@type":"ImageObject","inLanguage":"es-MX","@id":"https:\/\/basilian.org\/es\/#\/schema\/logo\/image\/","url":"https:\/\/basilian.org\/wp-content\/uploads\/2020\/08\/basilian-crest-new2.png","contentUrl":"https:\/\/basilian.org\/wp-content\/uploads\/2020\/08\/basilian-crest-new2.png","width":250,"height":250,"caption":"Congregation of St. Basil"},"image":{"@id":"https:\/\/basilian.org\/es\/#\/schema\/logo\/image\/"}}]}},"uagb_featured_image_src":{"full":false,"thumbnail":false,"medium":false,"medium_large":false,"large":false,"wpbgallery_admin_thumb":false,"wpbgallery_thumb":false,"1536x1536":false,"2048x2048":false,"featured":false},"uagb_author_info":{"display_name":"Jeff BSWI","author_link":"https:\/\/basilian.org\/es\/author\/jeffw\/"},"uagb_comment_info":0,"uagb_excerpt":"BICENTENARIO \u2022 2022 Celebrando 200 a\u00f1os de ense\u00f1ar y predicar la bondad, la disciplina, y la ciencia. En un contexto de terror y persecuci\u00f3n del clero tras la Revoluci\u00f3n Francesa, [&hellip;]","_links":{"self":[{"href":"https:\/\/basilian.org\/es\/wp-json\/wp\/v2\/pages\/8049"}],"collection":[{"href":"https:\/\/basilian.org\/es\/wp-json\/wp\/v2\/pages"}],"about":[{"href":"https:\/\/basilian.org\/es\/wp-json\/wp\/v2\/types\/page"}],"author":[{"embeddable":true,"href":"https:\/\/basilian.org\/es\/wp-json\/wp\/v2\/users\/272"}],"replies":[{"embeddable":true,"href":"https:\/\/basilian.org\/es\/wp-json\/wp\/v2\/comments?post=8049"}],"version-history":[{"count":56,"href":"https:\/\/basilian.org\/es\/wp-json\/wp\/v2\/pages\/8049\/revisions"}],"predecessor-version":[{"id":8773,"href":"https:\/\/basilian.org\/es\/wp-json\/wp\/v2\/pages\/8049\/revisions\/8773"}],"wp:attachment":[{"href":"https:\/\/basilian.org\/es\/wp-json\/wp\/v2\/media?parent=8049"}],"curies":[{"name":"wp","href":"https:\/\/api.w.org\/{rel}","templated":true}]}}