{"id":380,"date":"2020-09-09T13:55:03","date_gmt":"2020-09-09T13:55:03","guid":{"rendered":"http:\/\/basilian.org\/ministerios\/bcjpic\/"},"modified":"2025-01-06T15:13:30","modified_gmt":"2025-01-06T20:13:30","slug":"cbjpic","status":"publish","type":"page","link":"https:\/\/basilian.org\/es\/ministerios\/cbjpic\/","title":{"rendered":"Centro Basiliano para la Justicia, la Paz y la Integridad de la Creaci\u00f3n"},"content":{"rendered":"<p><em>\u201cVer, estoy haciendo todo nuevo.\u201d(Rev.21.5)<\/em><\/p>\n<p><strong>Visi\u00f3n:<\/strong> Un mundo hecho nuevo en Cristo.<\/p>\n<p><strong>Misi\u00f3n:<\/strong> Asistir a la congregaci\u00f3n entera en la educaci\u00f3n y evangelizaci\u00f3n hacia la justicia, paz e integridad de la creaci\u00f3n.<\/p>\n<p><strong>Objetivos:<\/strong><\/p>\n<ul>\n<li>Comprometerse y motivar Basilianos en el conocimiento y la acci\u00f3n por JPIC.<\/li>\n<li>Asistir Basilianos y colaboradores en hacer que este conocimiento sea accesible a los que servimos.<\/li>\n<li>Permitir que la congregaci\u00f3n hable p\u00fablicamente de temas importantes de este tipo con una voz colectiva prof\u00e9tica.<\/li>\n<li>Colaborar con otras comunidades religiosas para actuar sabiamente y de forma oportuna<\/li>\n<li>Inventariar, celebrar, publicar y extender las actividades Basilianas que ya se hacen en estas \u00e1reas<\/li>\n<li>Fomentar una conversaci\u00f3n \u00fatil en torno a las dimensiones teol\u00f3gicas de hacer justicia, oponerse al pecado y a la injusticia, cuidar la creaci\u00f3n, etc.<\/li>\n<\/ul>\n<p><strong>Fondo de Desarrollo Humano<\/strong><br \/>\nEl Fondo de Desarrollo Humano proporciona asistencia para un programa o proyecto que sea armonioso con una visi\u00f3n b\u00edblica de justicia y paz. Est\u00e1 destinado a proyectos que van m\u00e1s all\u00e1 de ayudar directamente a las personas y que est\u00e1n claramente dise\u00f1ados para cambiar sistemas y promover la justicia y la paz de manera m\u00e1s efectiva; proyectos que buscan empoderar a los pobres y marginados y, cuando sea posible, involucrarlos en la planificaci\u00f3n y ejecuci\u00f3n del proyecto; proyectos que se originen en casas o instituciones basilianas y\/o en los que individuos basilianos est\u00e9n activamente involucrados. Una proporci\u00f3n del Fondo, que no exceda el 15% en un a\u00f1o, tambi\u00e9n puede ser destinada a proyectos educativos que involucren activamente a sus participantes en la promoci\u00f3n de la paz y la justicia.<\/p>\n<ul>\n<li>Criterios y Proceso de las Subvenciones del Fondo de Desarrollo Humano Basiliano, <a href=\"https:\/\/basilian.org\/wp-content\/uploads\/Asistencia-para-el-Desarrollo-HumanoFormulario-de-solicitud-2025.pdf\">Descargar PDF<\/a><\/li>\n<li>Formulario de Asistencia del Fondo de Desarrollo Humano Basiliano, <a href=\"https:\/\/basilian.org\/wp-content\/uploads\/Asistencia-para-el-Desarrollo-HumanoFormulario-de-solicitud-2025.docx\">Descargar Documento de Microsoft Word<\/a><\/li>\n<\/ul>\n<p><!-- Begin Mailchimp Signup Form --><\/p>\n<div id=\"mc_embed_signup\">\n<form id=\"mc-embedded-subscribe-form\" class=\"validate\" action=\"https:\/\/basilian.us17.list-manage.com\/subscribe\/post?u=105d0336b4c0e59001f1a0009&amp;id=c082654adb\" method=\"post\" name=\"mc-embedded-subscribe-form\" novalidate=\"\" target=\"_blank\">\n<div id=\"mc_embed_signup_scroll\">\n<h3>Suscr\u00edbase a nuestro eBolet\u00edn Stirrings<\/h3>\n<div class=\"mc-field-group form-group mb-0 w-100\"><input id=\"mce-EMAIL\" class=\"email\" name=\"EMAIL\" type=\"email\" value=\"\" placeholder=\"D\u00e9nos su correo electr\u00f3nico\" \/><\/div>\n<p><!-- real people should not fill this in and expect good things - do not remove this or risk form bot signups--><\/p>\n<div style=\"position: absolute; left: -5000px;\" aria-hidden=\"true\"><input tabindex=\"-1\" name=\"b_105d0336b4c0e59001f1a0009_c082654adb\" type=\"text\" value=\"\" \/><\/div>\n<div class=\"clear\"><input id=\"mc-embedded-subscribe\" class=\"btn btn-primary\" name=\"subscribe\" type=\"submit\" value=\"Suscr\u00edbase\" \/><\/div>\n<div id=\"mce-responses\" class=\"clear\">\n<div id=\"mce-error-response\" class=\"response\" style=\"display: none;\"><\/div>\n<div id=\"mce-success-response\" class=\"response\" style=\"display: none;\"><\/div>\n<\/div>\n<\/div>\n<\/form>\n<\/div>\n<p><script type='text\/javascript' src='\/\/s3.amazonaws.com\/downloads.mailchimp.com\/js\/mc-validate.js'><\/script><script type='text\/javascript'>(function($) {window.fnames = new Array(); window.ftypes = new Array();fnames[0]='EMAIL';ftypes[0]='email';fnames[1]='FNAME';ftypes[1]='text';fnames[2]='LNAME';ftypes[2]='text';}(jQuery));var $mcj = jQuery.noConflict(true);<\/script><br \/>\n<!--End mc_embed_signup--><\/p>\n","protected":false},"excerpt":{"rendered":"<p>\u201cVer, estoy haciendo todo nuevo.\u201d(Rev.21.5) Visi\u00f3n: Un mundo hecho nuevo en Cristo. Misi\u00f3n: Asistir a la congregaci\u00f3n entera en la educaci\u00f3n y evangelizaci\u00f3n hacia la justicia, paz e integridad de [&hellip;]<\/p>\n","protected":false},"author":282,"featured_media":4969,"parent":370,"menu_order":0,"comment_status":"closed","ping_status":"closed","template":"","meta":{"_bbp_topic_count":0,"_bbp_reply_count":0,"_bbp_total_topic_count":0,"_bbp_total_reply_count":0,"_bbp_voice_count":0,"_bbp_anonymous_reply_count":0,"_bbp_topic_count_hidden":0,"_bbp_reply_count_hidden":0,"_bbp_forum_subforum_count":0,"_uag_custom_page_level_css":"","footnotes":""},"acf":[],"yoast_head":"<!-- This site is optimized with the Yoast SEO plugin v20.3 - https:\/\/yoast.com\/wordpress\/plugins\/seo\/ -->\n<title>Centro Basiliano para la Justicia, la Paz y la Integridad de la Creaci\u00f3n - Padres Basilianos - Congregaci\u00f3n de San Basilio<\/title>\n<meta name=\"robots\" content=\"index, follow, max-snippet:-1, max-image-preview:large, max-video-preview:-1\" \/>\n<link rel=\"canonical\" href=\"https:\/\/basilian.org\/es\/ministerios\/cbjpic\/\" \/>\n<meta property=\"og:locale\" content=\"es_MX\" \/>\n<meta property=\"og:type\" content=\"article\" \/>\n<meta property=\"og:title\" content=\"Centro Basiliano para la Justicia, la Paz y la Integridad de la Creaci\u00f3n - Padres Basilianos - Congregaci\u00f3n de San Basilio\" \/>\n<meta property=\"og:description\" content=\"\u201cVer, estoy haciendo todo nuevo.\u201d(Rev.21.5) Visi\u00f3n: Un mundo hecho nuevo en Cristo. Misi\u00f3n: Asistir a la congregaci\u00f3n entera en la educaci\u00f3n y evangelizaci\u00f3n hacia la justicia, paz e integridad de [&hellip;]\" \/>\n<meta property=\"og:url\" content=\"https:\/\/basilian.org\/es\/ministerios\/cbjpic\/\" \/>\n<meta property=\"og:site_name\" content=\"Padres Basilianos\" \/>\n<meta property=\"article:modified_time\" content=\"2025-01-06T20:13:30+00:00\" \/>\n<meta property=\"og:image\" content=\"https:\/\/basilian.org\/wp-content\/uploads\/2020\/10\/bluescarf-walk-scaled.jpg\" \/>\n\t<meta property=\"og:image:width\" content=\"2560\" \/>\n\t<meta property=\"og:image:height\" content=\"1474\" \/>\n\t<meta property=\"og:image:type\" content=\"image\/jpeg\" \/>\n<meta name=\"twitter:card\" content=\"summary_large_image\" \/>\n<meta name=\"twitter:label1\" content=\"Tiempo de lectura\" \/>\n\t<meta name=\"twitter:data1\" content=\"2 minutos\" \/>\n<script type=\"application\/ld+json\" class=\"yoast-schema-graph\">{\"@context\":\"https:\/\/schema.org\",\"@graph\":[{\"@type\":\"WebPage\",\"@id\":\"https:\/\/basilian.org\/es\/ministerios\/cbjpic\/\",\"url\":\"https:\/\/basilian.org\/es\/ministerios\/cbjpic\/\",\"name\":\"Centro Basiliano para la Justicia, la Paz y la Integridad de la Creaci\u00f3n - Padres Basilianos - Congregaci\u00f3n de San Basilio\",\"isPartOf\":{\"@id\":\"https:\/\/basilian.org\/es\/#website\"},\"datePublished\":\"2020-09-09T13:55:03+00:00\",\"dateModified\":\"2025-01-06T20:13:30+00:00\",\"breadcrumb\":{\"@id\":\"https:\/\/basilian.org\/es\/ministerios\/cbjpic\/#breadcrumb\"},\"inLanguage\":\"es-MX\",\"potentialAction\":[{\"@type\":\"ReadAction\",\"target\":[\"https:\/\/basilian.org\/es\/ministerios\/cbjpic\/\"]}]},{\"@type\":\"BreadcrumbList\",\"@id\":\"https:\/\/basilian.org\/es\/ministerios\/cbjpic\/#breadcrumb\",\"itemListElement\":[{\"@type\":\"ListItem\",\"position\":1,\"name\":\"Home\",\"item\":\"https:\/\/basilian.org\/es\/\"},{\"@type\":\"ListItem\",\"position\":2,\"name\":\"Ministerios\",\"item\":\"https:\/\/basilian.org\/es\/ministerios\/\"},{\"@type\":\"ListItem\",\"position\":3,\"name\":\"Centro Basiliano para la Justicia, la Paz y la Integridad de la Creaci\u00f3n\"}]},{\"@type\":\"WebSite\",\"@id\":\"https:\/\/basilian.org\/es\/#website\",\"url\":\"https:\/\/basilian.org\/es\/\",\"name\":\"Padres Basilianos\",\"description\":\"Congregaci\u00f3n de San Basilio\",\"publisher\":{\"@id\":\"https:\/\/basilian.org\/es\/#organization\"},\"potentialAction\":[{\"@type\":\"SearchAction\",\"target\":{\"@type\":\"EntryPoint\",\"urlTemplate\":\"https:\/\/basilian.org\/es\/?s={search_term_string}\"},\"query-input\":\"required name=search_term_string\"}],\"inLanguage\":\"es-MX\"},{\"@type\":\"Organization\",\"@id\":\"https:\/\/basilian.org\/es\/#organization\",\"name\":\"Congregation of St. Basil\",\"url\":\"https:\/\/basilian.org\/es\/\",\"logo\":{\"@type\":\"ImageObject\",\"inLanguage\":\"es-MX\",\"@id\":\"https:\/\/basilian.org\/es\/#\/schema\/logo\/image\/\",\"url\":\"https:\/\/basilian.org\/wp-content\/uploads\/2020\/08\/basilian-crest-new2.png\",\"contentUrl\":\"https:\/\/basilian.org\/wp-content\/uploads\/2020\/08\/basilian-crest-new2.png\",\"width\":250,\"height\":250,\"caption\":\"Congregation of St. Basil\"},\"image\":{\"@id\":\"https:\/\/basilian.org\/es\/#\/schema\/logo\/image\/\"}}]}<\/script>\n<!-- \/ Yoast SEO plugin. -->","yoast_head_json":{"title":"Centro Basiliano para la Justicia, la Paz y la Integridad de la Creaci\u00f3n - Padres Basilianos - Congregaci\u00f3n de San Basilio","robots":{"index":"index","follow":"follow","max-snippet":"max-snippet:-1","max-image-preview":"max-image-preview:large","max-video-preview":"max-video-preview:-1"},"canonical":"https:\/\/basilian.org\/es\/ministerios\/cbjpic\/","og_locale":"es_MX","og_type":"article","og_title":"Centro Basiliano para la Justicia, la Paz y la Integridad de la Creaci\u00f3n - Padres Basilianos - Congregaci\u00f3n de San Basilio","og_description":"\u201cVer, estoy haciendo todo nuevo.\u201d(Rev.21.5) Visi\u00f3n: Un mundo hecho nuevo en Cristo. Misi\u00f3n: Asistir a la congregaci\u00f3n entera en la educaci\u00f3n y evangelizaci\u00f3n hacia la justicia, paz e integridad de [&hellip;]","og_url":"https:\/\/basilian.org\/es\/ministerios\/cbjpic\/","og_site_name":"Padres Basilianos","article_modified_time":"2025-01-06T20:13:30+00:00","og_image":[{"width":2560,"height":1474,"url":"https:\/\/basilian.org\/wp-content\/uploads\/2020\/10\/bluescarf-walk-scaled.jpg","type":"image\/jpeg"}],"twitter_card":"summary_large_image","twitter_misc":{"Tiempo de lectura":"2 minutos"},"schema":{"@context":"https:\/\/schema.org","@graph":[{"@type":"WebPage","@id":"https:\/\/basilian.org\/es\/ministerios\/cbjpic\/","url":"https:\/\/basilian.org\/es\/ministerios\/cbjpic\/","name":"Centro Basiliano para la Justicia, la Paz y la Integridad de la Creaci\u00f3n - Padres Basilianos - Congregaci\u00f3n de San Basilio","isPartOf":{"@id":"https:\/\/basilian.org\/es\/#website"},"datePublished":"2020-09-09T13:55:03+00:00","dateModified":"2025-01-06T20:13:30+00:00","breadcrumb":{"@id":"https:\/\/basilian.org\/es\/ministerios\/cbjpic\/#breadcrumb"},"inLanguage":"es-MX","potentialAction":[{"@type":"ReadAction","target":["https:\/\/basilian.org\/es\/ministerios\/cbjpic\/"]}]},{"@type":"BreadcrumbList","@id":"https:\/\/basilian.org\/es\/ministerios\/cbjpic\/#breadcrumb","itemListElement":[{"@type":"ListItem","position":1,"name":"Home","item":"https:\/\/basilian.org\/es\/"},{"@type":"ListItem","position":2,"name":"Ministerios","item":"https:\/\/basilian.org\/es\/ministerios\/"},{"@type":"ListItem","position":3,"name":"Centro Basiliano para la Justicia, la Paz y la Integridad de la Creaci\u00f3n"}]},{"@type":"WebSite","@id":"https:\/\/basilian.org\/es\/#website","url":"https:\/\/basilian.org\/es\/","name":"Padres Basilianos","description":"Congregaci\u00f3n de San Basilio","publisher":{"@id":"https:\/\/basilian.org\/es\/#organization"},"potentialAction":[{"@type":"SearchAction","target":{"@type":"EntryPoint","urlTemplate":"https:\/\/basilian.org\/es\/?s={search_term_string}"},"query-input":"required name=search_term_string"}],"inLanguage":"es-MX"},{"@type":"Organization","@id":"https:\/\/basilian.org\/es\/#organization","name":"Congregation of St. Basil","url":"https:\/\/basilian.org\/es\/","logo":{"@type":"ImageObject","inLanguage":"es-MX","@id":"https:\/\/basilian.org\/es\/#\/schema\/logo\/image\/","url":"https:\/\/basilian.org\/wp-content\/uploads\/2020\/08\/basilian-crest-new2.png","contentUrl":"https:\/\/basilian.org\/wp-content\/uploads\/2020\/08\/basilian-crest-new2.png","width":250,"height":250,"caption":"Congregation of St. Basil"},"image":{"@id":"https:\/\/basilian.org\/es\/#\/schema\/logo\/image\/"}}]}},"uagb_featured_image_src":{"full":["https:\/\/basilian.org\/wp-content\/uploads\/2020\/10\/bluescarf-walk-scaled.jpg",2560,1474,false],"thumbnail":["https:\/\/basilian.org\/wp-content\/uploads\/2020\/10\/bluescarf-walk-150x150.jpg",150,150,true],"medium":["https:\/\/basilian.org\/wp-content\/uploads\/2020\/10\/bluescarf-walk-300x173.jpg",300,173,true],"medium_large":["https:\/\/basilian.org\/wp-content\/uploads\/2020\/10\/bluescarf-walk-768x442.jpg",768,442,true],"large":["https:\/\/basilian.org\/wp-content\/uploads\/2020\/10\/bluescarf-walk-1024x589.jpg",1024,589,true],"wpbgallery_admin_thumb":["https:\/\/basilian.org\/wp-content\/uploads\/2020\/10\/bluescarf-walk-109x109.jpg",109,109,true],"wpbgallery_thumb":["https:\/\/basilian.org\/wp-content\/uploads\/2020\/10\/bluescarf-walk-200x200.jpg",200,200,true],"1536x1536":["https:\/\/basilian.org\/wp-content\/uploads\/2020\/10\/bluescarf-walk-1536x884.jpg",1536,884,true],"2048x2048":["https:\/\/basilian.org\/wp-content\/uploads\/2020\/10\/bluescarf-walk-2048x1179.jpg",2048,1179,true],"featured":["https:\/\/basilian.org\/wp-content\/uploads\/2020\/10\/bluescarf-walk-825x475.jpg",825,475,true]},"uagb_author_info":{"display_name":"Ilya Kovalevskiy","author_link":"https:\/\/basilian.org\/es\/author\/ilya_csb\/"},"uagb_comment_info":0,"uagb_excerpt":"\u201cVer, estoy haciendo todo nuevo.\u201d(Rev.21.5) Visi\u00f3n: Un mundo hecho nuevo en Cristo. Misi\u00f3n: Asistir a la congregaci\u00f3n entera en la educaci\u00f3n y evangelizaci\u00f3n hacia la justicia, paz e integridad de [&hellip;]","_links":{"self":[{"href":"https:\/\/basilian.org\/es\/wp-json\/wp\/v2\/pages\/380"}],"collection":[{"href":"https:\/\/basilian.org\/es\/wp-json\/wp\/v2\/pages"}],"about":[{"href":"https:\/\/basilian.org\/es\/wp-json\/wp\/v2\/types\/page"}],"author":[{"embeddable":true,"href":"https:\/\/basilian.org\/es\/wp-json\/wp\/v2\/users\/282"}],"replies":[{"embeddable":true,"href":"https:\/\/basilian.org\/es\/wp-json\/wp\/v2\/comments?post=380"}],"version-history":[{"count":9,"href":"https:\/\/basilian.org\/es\/wp-json\/wp\/v2\/pages\/380\/revisions"}],"predecessor-version":[{"id":12470,"href":"https:\/\/basilian.org\/es\/wp-json\/wp\/v2\/pages\/380\/revisions\/12470"}],"up":[{"embeddable":true,"href":"https:\/\/basilian.org\/es\/wp-json\/wp\/v2\/pages\/370"}],"wp:featuredmedia":[{"embeddable":true,"href":"https:\/\/basilian.org\/es\/wp-json\/wp\/v2\/media\/4969"}],"wp:attachment":[{"href":"https:\/\/basilian.org\/es\/wp-json\/wp\/v2\/media?parent=380"}],"curies":[{"name":"wp","href":"https:\/\/api.w.org\/{rel}","templated":true}]}}